{"id":3552,"date":"2023-06-02T20:49:42","date_gmt":"2023-06-02T18:49:42","guid":{"rendered":"https:\/\/www.nautesdeparis.fr\/boutique\/?post_type=product&#038;p=3552"},"modified":"2024-05-03T12:12:07","modified_gmt":"2024-05-03T10:12:07","slug":"montmartre-en-chanson-une-balade-pour-le-festival-mixcite-2023","status":"publish","type":"product","link":"https:\/\/www.nautesdeparis.fr\/boutique\/produit\/montmartre-en-chanson-une-balade-pour-le-festival-mixcite-2023\/","title":{"rendered":"Montmartre en chanson, balade Termin\u00e9e, c&rsquo;\u00e9tait pour le festival Mix!Cit\u00e9 2023"},"content":{"rendered":"<p><span class=\"ILfuVd\" lang=\"fr\"><span class=\"hgKElc\"><b>Dans le cadre de l&rsquo;\u00e9v\u00e9nement Mix!Cit\u00e9,\u00a0place Clichy, auto-organis\u00e9 par des citoyennes et citoyens \u00e0 l&rsquo;intersection de 4 arrondissements (8\u00e8me, 9\u00e8me, 17\u00e8me et 18\u00e8me) autour de la Place de Clichy qui va se d\u00e9rouler du 14 au 18 juin,<\/b>\u00a0<strong>L<\/strong><\/span><\/span><strong><span class=\"ILfuVd\" lang=\"fr\"><span class=\"hgKElc\"><strong>e<\/strong>s Nautes de Paris propose un rallye p\u00e9destre.<\/span><\/span><\/strong><\/p>\n<p><strong><span class=\"ILfuVd\" lang=\"fr\"><span class=\"hgKElc\">Quand : \u00a0c&rsquo;\u00e9tait \u00a0le 17 juin 2023\/ termin\u00e9<br \/>\n<\/span><\/span><\/strong><strong><span class=\"ILfuVd\" lang=\"fr\"><span class=\"hgKElc\">Rendez-vous :<\/span><\/span><\/strong><strong><span class=\"ILfuVd\" lang=\"fr\"><span class=\"hgKElc\">\u00a09h &#8211; maxi 9h30<br \/>\nO\u00f9 : dans Montmartre mais le lieu vous sera communiqu\u00e9 d\u00e8s votre inscription<br \/>\nDur\u00e9e : 9 &#8211; 11h30 \u00a0arriv\u00e9e au maximum \u00e0 12h\u00a0<\/span><\/span><\/strong><b>Place Clichy<br \/>\nlots pour les participants<\/b><\/p>\n<p><a href=\"https:\/\/www.nautesdeparis.fr\/boutique\/wp-content\/uploads\/2023\/06\/01-a3-affiche-mont.jpg\"><img decoding=\"async\" loading=\"lazy\" class=\"alignnone size-medium wp-image-3551\" src=\"https:\/\/www.nautesdeparis.fr\/boutique\/wp-content\/uploads\/2023\/06\/01-a3-affiche-mont-245x300.jpg\" alt=\"\" width=\"245\" height=\"300\" srcset=\"https:\/\/www.nautesdeparis.fr\/boutique\/wp-content\/uploads\/2023\/06\/01-a3-affiche-mont-245x300.jpg 245w, https:\/\/www.nautesdeparis.fr\/boutique\/wp-content\/uploads\/2023\/06\/01-a3-affiche-mont-835x1024.jpg 835w, https:\/\/www.nautesdeparis.fr\/boutique\/wp-content\/uploads\/2023\/06\/01-a3-affiche-mont-768x942.jpg 768w, https:\/\/www.nautesdeparis.fr\/boutique\/wp-content\/uploads\/2023\/06\/01-a3-affiche-mont-188x231.jpg 188w, https:\/\/www.nautesdeparis.fr\/boutique\/wp-content\/uploads\/2023\/06\/01-a3-affiche-mont-234x287.jpg 234w, https:\/\/www.nautesdeparis.fr\/boutique\/wp-content\/uploads\/2023\/06\/01-a3-affiche-mont.jpg 978w\" sizes=\"(max-width: 245px) 100vw, 245px\" \/><\/a><\/p>\n<p><strong>Comment cela se passe :<br \/>\n<\/strong><strong>Il s&rsquo;agit d&rsquo;un parcours avec quelques questions qui appellent des r\u00e9ponses \u00e0 propos de l\u2019histoire de Montmartre. Nous vous fournissons un document pour guider votre balade d\u00e9couverte ou red\u00e9couverte.<\/strong><\/p>\n<p dir=\"ltr\"><strong>Nous proposons une promenade \u00e0 faire seul ou \u00e0 plusieurs, sur le th\u00e8me du Montmartre qui a aim\u00e9 et qui aime toujours, les spectacles, les chansons et le cin\u00e9ma. Vous serez guid\u00e9s par des chansons et ferez un parcours en quinze questions.\u00a0<\/strong><\/p>\n<p dir=\"ltr\"><strong>Les balades p\u00e9destres permettent de d\u00e9couvrir ou de red\u00e9couvrir des lieux parcourus souvent trop vite. C\u2019est lutter ainsi contre la formule, trop entendue : \u00ab Je connais \u00bb ou \u00ab je sais \u00bb, ouvrir les yeux et notre esprit sur tout ce qui nous entoure et que le temps peut faire dispara\u00eetre ou a d\u00e9j\u00e0 effac\u00e9.\u00a0<\/strong><\/p>\n","protected":false},"excerpt":{"rendered":"<p><strong>Une promenade \u00e0 faire seul ou \u00e0 plusieurs, sur le th\u00e8me du Montmartre qui a aim\u00e9 et qui aime toujours, les spectacles, les chansons et le cin\u00e9ma guid\u00e9 par des chansons.\u00a0<\/strong>&hellip;<\/p>\n","protected":false},"featured_media":3551,"comment_status":"open","ping_status":"closed","template":"","meta":[],"product_cat":[262],"product_tag":[282,289,233,285,291,288,287,283,292,290,286,221,280,231,281,284],"yoast_head":"<!-- This site is optimized with the Yoast SEO plugin v20.8 - https:\/\/yoast.com\/wordpress\/plugins\/seo\/ -->\n<title>Montmartre en chanson, balade Termin\u00e9e, c&#039;\u00e9tait pour le festival Mix!Cit\u00e9 2023<\/title>\n<meta name=\"description\" content=\"Une promenade \u00e0 faire seul ou \u00e0 plusieurs, sur le th\u00e8me du Montmartre qui a aim\u00e9 et qui aime toujours, les spectacles, les chansons et le cin\u00e9ma guid\u00e9 par des chansons.\u00a0\" \/>\n<meta name=\"robots\" content=\"index, follow, max-snippet:-1, max-image-preview:large, max-video-preview:-1\" \/>\n<link rel=\"canonical\" href=\"https:\/\/www.nautesdeparis.fr\/boutique\/produit\/montmartre-en-chanson-une-balade-pour-le-festival-mixcite-2023\/\" \/>\n<meta property=\"og:locale\" content=\"fr_FR\" \/>\n<meta property=\"og:type\" content=\"article\" \/>\n<meta property=\"og:title\" content=\"Montmartre en chanson, balade Termin\u00e9e, c&#039;\u00e9tait pour le festival Mix!Cit\u00e9 2023\" \/>\n<meta property=\"og:description\" content=\"Une promenade \u00e0 faire seul ou \u00e0 plusieurs, sur le th\u00e8me du Montmartre qui a aim\u00e9 et qui aime toujours, les spectacles, les chansons et le cin\u00e9ma guid\u00e9 par des chansons.\u00a0\" \/>\n<meta property=\"og:url\" content=\"https:\/\/www.nautesdeparis.fr\/boutique\/produit\/montmartre-en-chanson-une-balade-pour-le-festival-mixcite-2023\/\" \/>\n<meta property=\"og:site_name\" content=\"Boutique en ligne\" \/>\n<meta property=\"article:publisher\" content=\"https:\/\/www.facebook.com\/pages\/Les-Nautes-de-Paris\/453604271391853\" \/>\n<meta property=\"article:modified_time\" content=\"2024-05-03T10:12:07+00:00\" \/>\n<meta property=\"og:image\" content=\"https:\/\/www.nautesdeparis.fr\/boutique\/wp-content\/uploads\/2023\/06\/01-a3-affiche-mont.jpg\" \/>\n\t<meta property=\"og:image:width\" content=\"978\" \/>\n\t<meta property=\"og:image:height\" content=\"1200\" \/>\n\t<meta property=\"og:image:type\" content=\"image\/jpeg\" \/>\n<meta name=\"twitter:label1\" content=\"Dur\u00e9e de lecture estim\u00e9e\" \/>\n\t<meta name=\"twitter:data1\" content=\"2 minutes\" \/>\n<script type=\"application\/ld+json\" class=\"yoast-schema-graph\">{\"@context\":\"https:\/\/schema.org\",\"@graph\":[{\"@type\":\"WebPage\",\"@id\":\"https:\/\/www.nautesdeparis.fr\/boutique\/produit\/montmartre-en-chanson-une-balade-pour-le-festival-mixcite-2023\/\",\"url\":\"https:\/\/www.nautesdeparis.fr\/boutique\/produit\/montmartre-en-chanson-une-balade-pour-le-festival-mixcite-2023\/\",\"name\":\"Montmartre en chanson, balade Termin\u00e9e, c'\u00e9tait pour le festival Mix!Cit\u00e9 2023\",\"isPartOf\":{\"@id\":\"https:\/\/www.nautesdeparis.fr\/boutique\/#website\"},\"datePublished\":\"2023-06-02T18:49:42+00:00\",\"dateModified\":\"2024-05-03T10:12:07+00:00\",\"description\":\"Une promenade \u00e0 faire seul ou \u00e0 plusieurs, sur le th\u00e8me du Montmartre qui a aim\u00e9 et qui aime toujours, les spectacles, les chansons et le cin\u00e9ma guid\u00e9 par des chansons.\u00a0\",\"breadcrumb\":{\"@id\":\"https:\/\/www.nautesdeparis.fr\/boutique\/produit\/montmartre-en-chanson-une-balade-pour-le-festival-mixcite-2023\/#breadcrumb\"},\"inLanguage\":\"fr-FR\",\"potentialAction\":[{\"@type\":\"ReadAction\",\"target\":[\"https:\/\/www.nautesdeparis.fr\/boutique\/produit\/montmartre-en-chanson-une-balade-pour-le-festival-mixcite-2023\/\"]}]},{\"@type\":\"BreadcrumbList\",\"@id\":\"https:\/\/www.nautesdeparis.fr\/boutique\/produit\/montmartre-en-chanson-une-balade-pour-le-festival-mixcite-2023\/#breadcrumb\",\"itemListElement\":[{\"@type\":\"ListItem\",\"position\":1,\"name\":\"Accueil\",\"item\":\"https:\/\/www.nautesdeparis.fr\/boutique\/\"},{\"@type\":\"ListItem\",\"position\":2,\"name\":\"Boutique en ligne\",\"item\":\"https:\/\/www.nautesdeparis.fr\/boutique\/\"},{\"@type\":\"ListItem\",\"position\":3,\"name\":\"Montmartre en chanson, balade Termin\u00e9e, c&rsquo;\u00e9tait pour le festival Mix!Cit\u00e9 2023\"}]},{\"@type\":\"WebSite\",\"@id\":\"https:\/\/www.nautesdeparis.fr\/boutique\/#website\",\"url\":\"https:\/\/www.nautesdeparis.fr\/boutique\/\",\"name\":\"Boutique en ligne\",\"description\":\"La boutique des Nautes de Paris\",\"potentialAction\":[{\"@type\":\"SearchAction\",\"target\":{\"@type\":\"EntryPoint\",\"urlTemplate\":\"https:\/\/www.nautesdeparis.fr\/boutique\/?s={search_term_string}\"},\"query-input\":\"required name=search_term_string\"}],\"inLanguage\":\"fr-FR\"}]}<\/script>\n<!-- \/ Yoast SEO plugin. -->","yoast_head_json":{"title":"Montmartre en chanson, balade Termin\u00e9e, c'\u00e9tait pour le festival Mix!Cit\u00e9 2023","description":"Une promenade \u00e0 faire seul ou \u00e0 plusieurs, sur le th\u00e8me du Montmartre qui a aim\u00e9 et qui aime toujours, les spectacles, les chansons et le cin\u00e9ma guid\u00e9 par des chansons.\u00a0","robots":{"index":"index","follow":"follow","max-snippet":"max-snippet:-1","max-image-preview":"max-image-preview:large","max-video-preview":"max-video-preview:-1"},"canonical":"https:\/\/www.nautesdeparis.fr\/boutique\/produit\/montmartre-en-chanson-une-balade-pour-le-festival-mixcite-2023\/","og_locale":"fr_FR","og_type":"article","og_title":"Montmartre en chanson, balade Termin\u00e9e, c'\u00e9tait pour le festival Mix!Cit\u00e9 2023","og_description":"Une promenade \u00e0 faire seul ou \u00e0 plusieurs, sur le th\u00e8me du Montmartre qui a aim\u00e9 et qui aime toujours, les spectacles, les chansons et le cin\u00e9ma guid\u00e9 par des chansons.\u00a0","og_url":"https:\/\/www.nautesdeparis.fr\/boutique\/produit\/montmartre-en-chanson-une-balade-pour-le-festival-mixcite-2023\/","og_site_name":"Boutique en ligne","article_publisher":"https:\/\/www.facebook.com\/pages\/Les-Nautes-de-Paris\/453604271391853","article_modified_time":"2024-05-03T10:12:07+00:00","og_image":[{"width":978,"height":1200,"url":"https:\/\/www.nautesdeparis.fr\/boutique\/wp-content\/uploads\/2023\/06\/01-a3-affiche-mont.jpg","type":"image\/jpeg"}],"twitter_misc":{"Dur\u00e9e de lecture estim\u00e9e":"2 minutes"},"schema":{"@context":"https:\/\/schema.org","@graph":[{"@type":"WebPage","@id":"https:\/\/www.nautesdeparis.fr\/boutique\/produit\/montmartre-en-chanson-une-balade-pour-le-festival-mixcite-2023\/","url":"https:\/\/www.nautesdeparis.fr\/boutique\/produit\/montmartre-en-chanson-une-balade-pour-le-festival-mixcite-2023\/","name":"Montmartre en chanson, balade Termin\u00e9e, c'\u00e9tait pour le festival Mix!Cit\u00e9 2023","isPartOf":{"@id":"https:\/\/www.nautesdeparis.fr\/boutique\/#website"},"datePublished":"2023-06-02T18:49:42+00:00","dateModified":"2024-05-03T10:12:07+00:00","description":"Une promenade \u00e0 faire seul ou \u00e0 plusieurs, sur le th\u00e8me du Montmartre qui a aim\u00e9 et qui aime toujours, les spectacles, les chansons et le cin\u00e9ma guid\u00e9 par des chansons.\u00a0","breadcrumb":{"@id":"https:\/\/www.nautesdeparis.fr\/boutique\/produit\/montmartre-en-chanson-une-balade-pour-le-festival-mixcite-2023\/#breadcrumb"},"inLanguage":"fr-FR","potentialAction":[{"@type":"ReadAction","target":["https:\/\/www.nautesdeparis.fr\/boutique\/produit\/montmartre-en-chanson-une-balade-pour-le-festival-mixcite-2023\/"]}]},{"@type":"BreadcrumbList","@id":"https:\/\/www.nautesdeparis.fr\/boutique\/produit\/montmartre-en-chanson-une-balade-pour-le-festival-mixcite-2023\/#breadcrumb","itemListElement":[{"@type":"ListItem","position":1,"name":"Accueil","item":"https:\/\/www.nautesdeparis.fr\/boutique\/"},{"@type":"ListItem","position":2,"name":"Boutique en ligne","item":"https:\/\/www.nautesdeparis.fr\/boutique\/"},{"@type":"ListItem","position":3,"name":"Montmartre en chanson, balade Termin\u00e9e, c&rsquo;\u00e9tait pour le festival Mix!Cit\u00e9 2023"}]},{"@type":"WebSite","@id":"https:\/\/www.nautesdeparis.fr\/boutique\/#website","url":"https:\/\/www.nautesdeparis.fr\/boutique\/","name":"Boutique en ligne","description":"La boutique des Nautes de Paris","potentialAction":[{"@type":"SearchAction","target":{"@type":"EntryPoint","urlTemplate":"https:\/\/www.nautesdeparis.fr\/boutique\/?s={search_term_string}"},"query-input":"required name=search_term_string"}],"inLanguage":"fr-FR"}]}},"_links":{"self":[{"href":"https:\/\/www.nautesdeparis.fr\/boutique\/wp-json\/wp\/v2\/product\/3552"}],"collection":[{"href":"https:\/\/www.nautesdeparis.fr\/boutique\/wp-json\/wp\/v2\/product"}],"about":[{"href":"https:\/\/www.nautesdeparis.fr\/boutique\/wp-json\/wp\/v2\/types\/product"}],"replies":[{"embeddable":true,"href":"https:\/\/www.nautesdeparis.fr\/boutique\/wp-json\/wp\/v2\/comments?post=3552"}],"wp:featuredmedia":[{"embeddable":true,"href":"https:\/\/www.nautesdeparis.fr\/boutique\/wp-json\/wp\/v2\/media\/3551"}],"wp:attachment":[{"href":"https:\/\/www.nautesdeparis.fr\/boutique\/wp-json\/wp\/v2\/media?parent=3552"}],"wp:term":[{"taxonomy":"product_cat","embeddable":true,"href":"https:\/\/www.nautesdeparis.fr\/boutique\/wp-json\/wp\/v2\/product_cat?post=3552"},{"taxonomy":"product_tag","embeddable":true,"href":"https:\/\/www.nautesdeparis.fr\/boutique\/wp-json\/wp\/v2\/product_tag?post=3552"}],"curies":[{"name":"wp","href":"https:\/\/api.w.org\/{rel}","templated":true}]}}