{"id":3431,"date":"2016-05-13T10:13:39","date_gmt":"2016-05-13T08:13:39","guid":{"rendered":"http:\/\/www.nautesdeparis.fr\/boutique\/?post_type=product&#038;p=3431"},"modified":"2025-06-04T08:15:44","modified_gmt":"2025-06-04T06:15:44","slug":"paris-la-liberation-en-marche","status":"publish","type":"product","link":"https:\/\/www.nautesdeparis.fr\/boutique\/produit\/paris-la-liberation-en-marche\/","title":{"rendered":"Paris, la Lib\u00e9ration en marche"},"content":{"rendered":"<p><strong>Paris ao\u00fbt 1944 ,\u00a0dans\u00a0les pas de la 2e DB, nouvelle \u00e9dition<\/strong><\/p>\n<p>Ao\u00fbt 1944, la 2e Division blind\u00e9e du g\u00e9n\u00e9ral Leclerc entre dans Paris. Vous allez pouvoir mettre vos pas dans ceux des lib\u00e9rateurs \u00e9paul\u00e9s par les FFI. \u00a0Paris s&rsquo;est battu et a pr\u00e9par\u00e9 sa lib\u00e9ration en attendant les alli\u00e9s.<br \/>\nSavez-vous o\u00f9 \u00e9tait le PC des FFI ? L&rsquo;avenue que vous allez emprunter ne s&rsquo;est pas toujours appel\u00e9e avenue du g\u00e9n\u00e9ral Leclerc. Connaissez-vous son ancien nom ?\u00a0Selon vous o\u00f9 l&rsquo;Allemand\u00a0von Choltitz a-t-il sign\u00e9 l&rsquo;acte de reddition ? Qu&rsquo;\u00e9voque pour vous le train des haricots? La derni\u00e8re planque parisienne de Jean Moulin, o\u00f9 pensez-vous qu&rsquo;elle \u00e9tait ?<\/p>\n<p><strong>Une trentaine de questions<\/strong><\/p>\n<p>Vous retrouverez quelques barricades, des lieux cl\u00e9s et les combats conduits pendant ces chaudes journ\u00e9es d&rsquo;\u00e9t\u00e9. Vous traverserez les 14e, 6e, 5e, 4e,1er, 8e. De nombreux documents in\u00e9dits illustrent ce parcours.<br \/>\nUne\u00a0trentaine de questions unit l&rsquo;Histoire de Paris \u00e0 celle de la Lib\u00e9ration. L&rsquo;introduction est sign\u00e9e par l&rsquo;historienne Christine Levisse-Touz\u00e9, conservatrice et directrice du Mus\u00e9e G\u00e9n\u00e9ral-Leclerc et de la Lib\u00e9ration de Paris &#8211; Mus\u00e9e Jean-Moulin &#8211; Paris Mus\u00e9es, de sa cr\u00e9ation jusqu&rsquo;en \u00a02017. Les collections ont quitt\u00e9 le jardin Atlantique, au-dessus de la Gare Montparnasse, pour rejoindre le PC-ROL, place Denfert-Rochereau. Un nouveau mus\u00e9e de la Lib\u00e9ration-mus\u00e9e du G\u00e9n\u00e9ral Leclerc-mus\u00e9e Jean Moulin a \u00e9t\u00e9 inaugur\u00e9 le 25 ao\u00fbt 2019, au 4 avenue du Colonel Henri Rol-Tanguy, Paris 14e, en face des Catacombes.<\/p>\n<p><strong>Rallye ou balade au choix<\/strong><\/p>\n<p>Comme nos autres ouvrages,\u00a0ce volume s&rsquo;articule en deux parties :\u00a0le rallye p\u00e9destre avec les questions et la balade ludique avec les questions et leurs r\u00e9ponses au fur et \u00e0 mesure du parcours. Vous pourrez ainsi choisir votre rythme et votre mode de d\u00e9couverte pour ce nouveau th\u00e8me. Nous rentrons dans le d\u00e9tail des lieux travers\u00e9s. Vous pouvez \u00e0 tous moments passer d&rsquo;une partie \u00e0 l&rsquo;autre, gr\u00e2ce \u00e0 la num\u00e9rotation des questions. Le rallye et la balade sont\u00a0s\u00e9par\u00e9es par le rappel des questions. Deux jeux et une notation permettent \u00e0 ceux qui le d\u00e9sire de tester leurs connaissances. Chaque parcours peut-\u00eatre fait en plusieurs fois ou tranquillement chez-vous bien cal\u00e9 dans votre fauteuil.<\/p>\n<p><em>120 pages au format 16&#215;24 cm<\/em><br \/>\n<em>broch\u00e9 couverture \u00e0 rabats\u00a0<\/em><br \/>\n<em>\u00e9dit\u00e9 par Les Nautes de Paris, Paris 14e\u00a0<\/em><br \/>\n<em>imp. Jouve, Mayenne\u00a0<\/em><br \/>\n<em>prix: 19,80 euros\u00a0<\/em><br \/>\n<em>en librairie depuis le 4 juillet 2020<\/em><\/p>\n<p>&nbsp;<\/p>\n","protected":false},"excerpt":{"rendered":"<p>Paris ao\u00fbt 1944 ,\u00a0dans\u00a0les pas de la 2e DB, nouvelle \u00e9dition Ao\u00fbt 1944, la 2e Division blind\u00e9e du g\u00e9n\u00e9ral Leclerc entre dans Paris. Vous allez pouvoir mettre vos pas dans ceux des lib\u00e9rateurs \u00e9paul\u00e9s par les FFI. \u00a0Paris s&rsquo;est battu et a pr\u00e9par\u00e9 sa lib\u00e9ration en attendant les alli\u00e9s. Savez-vous o\u00f9 \u00e9tait le PC des&hellip;<\/p>\n","protected":false},"featured_media":3432,"comment_status":"open","ping_status":"closed","template":"","meta":[],"product_cat":[103],"product_tag":[224,222,210,266,223,209,265,204],"yoast_head":"<!-- This site is optimized with the Yoast SEO plugin v20.8 - https:\/\/yoast.com\/wordpress\/plugins\/seo\/ -->\n<title>Paris, la Lib\u00e9ration en marche<\/title>\n<meta name=\"description\" content=\"Paris ao\u00fbt 1944 ,\u00a0dans\u00a0les pas de la 2e DB, nouvelle \u00e9dition Ao\u00fbt 1944, la 2e Division blind\u00e9e du g\u00e9n\u00e9ral Leclerc entre dans Paris. Vous allez pouvoir\" \/>\n<meta name=\"robots\" content=\"index, follow, max-snippet:-1, max-image-preview:large, max-video-preview:-1\" \/>\n<link rel=\"canonical\" href=\"https:\/\/www.nautesdeparis.fr\/boutique\/produit\/paris-la-liberation-en-marche\/\" \/>\n<meta property=\"og:locale\" content=\"fr_FR\" \/>\n<meta property=\"og:type\" content=\"article\" \/>\n<meta property=\"og:title\" content=\"Paris, la Lib\u00e9ration en marche\" \/>\n<meta property=\"og:description\" content=\"Paris ao\u00fbt 1944 ,\u00a0dans\u00a0les pas de la 2e DB, nouvelle \u00e9dition Ao\u00fbt 1944, la 2e Division blind\u00e9e du g\u00e9n\u00e9ral Leclerc entre dans Paris. Vous allez pouvoir\" \/>\n<meta property=\"og:url\" content=\"https:\/\/www.nautesdeparis.fr\/boutique\/produit\/paris-la-liberation-en-marche\/\" \/>\n<meta property=\"og:site_name\" content=\"Boutique en ligne\" \/>\n<meta property=\"article:publisher\" content=\"https:\/\/www.facebook.com\/pages\/Les-Nautes-de-Paris\/453604271391853\" \/>\n<meta property=\"article:modified_time\" content=\"2025-06-04T06:15:44+00:00\" \/>\n<meta property=\"og:image\" content=\"https:\/\/www.nautesdeparis.fr\/boutique\/wp-content\/uploads\/2016\/05\/2835-vente-site-1024x1024.jpg\" \/>\n\t<meta property=\"og:image:width\" content=\"1024\" \/>\n\t<meta property=\"og:image:height\" content=\"1024\" \/>\n\t<meta property=\"og:image:type\" content=\"image\/jpeg\" \/>\n<meta name=\"twitter:label1\" content=\"Dur\u00e9e de lecture estim\u00e9e\" \/>\n\t<meta name=\"twitter:data1\" content=\"2 minutes\" \/>\n<script type=\"application\/ld+json\" class=\"yoast-schema-graph\">{\"@context\":\"https:\/\/schema.org\",\"@graph\":[{\"@type\":\"WebPage\",\"@id\":\"https:\/\/www.nautesdeparis.fr\/boutique\/produit\/paris-la-liberation-en-marche\/\",\"url\":\"https:\/\/www.nautesdeparis.fr\/boutique\/produit\/paris-la-liberation-en-marche\/\",\"name\":\"Paris, la Lib\u00e9ration en marche\",\"isPartOf\":{\"@id\":\"https:\/\/www.nautesdeparis.fr\/boutique\/#website\"},\"datePublished\":\"2016-05-13T08:13:39+00:00\",\"dateModified\":\"2025-06-04T06:15:44+00:00\",\"description\":\"Paris ao\u00fbt 1944 ,\u00a0dans\u00a0les pas de la 2e DB, nouvelle \u00e9dition Ao\u00fbt 1944, la 2e Division blind\u00e9e du g\u00e9n\u00e9ral Leclerc entre dans Paris. Vous allez pouvoir\",\"breadcrumb\":{\"@id\":\"https:\/\/www.nautesdeparis.fr\/boutique\/produit\/paris-la-liberation-en-marche\/#breadcrumb\"},\"inLanguage\":\"fr-FR\",\"potentialAction\":[{\"@type\":\"ReadAction\",\"target\":[\"https:\/\/www.nautesdeparis.fr\/boutique\/produit\/paris-la-liberation-en-marche\/\"]}]},{\"@type\":\"BreadcrumbList\",\"@id\":\"https:\/\/www.nautesdeparis.fr\/boutique\/produit\/paris-la-liberation-en-marche\/#breadcrumb\",\"itemListElement\":[{\"@type\":\"ListItem\",\"position\":1,\"name\":\"Accueil\",\"item\":\"https:\/\/www.nautesdeparis.fr\/boutique\/\"},{\"@type\":\"ListItem\",\"position\":2,\"name\":\"Boutique en ligne\",\"item\":\"https:\/\/www.nautesdeparis.fr\/boutique\/\"},{\"@type\":\"ListItem\",\"position\":3,\"name\":\"Paris, la Lib\u00e9ration en marche\"}]},{\"@type\":\"WebSite\",\"@id\":\"https:\/\/www.nautesdeparis.fr\/boutique\/#website\",\"url\":\"https:\/\/www.nautesdeparis.fr\/boutique\/\",\"name\":\"Boutique en ligne\",\"description\":\"La boutique des Nautes de Paris\",\"potentialAction\":[{\"@type\":\"SearchAction\",\"target\":{\"@type\":\"EntryPoint\",\"urlTemplate\":\"https:\/\/www.nautesdeparis.fr\/boutique\/?s={search_term_string}\"},\"query-input\":\"required name=search_term_string\"}],\"inLanguage\":\"fr-FR\"}]}<\/script>\n<!-- \/ Yoast SEO plugin. -->","yoast_head_json":{"title":"Paris, la Lib\u00e9ration en marche","description":"Paris ao\u00fbt 1944 ,\u00a0dans\u00a0les pas de la 2e DB, nouvelle \u00e9dition Ao\u00fbt 1944, la 2e Division blind\u00e9e du g\u00e9n\u00e9ral Leclerc entre dans Paris. Vous allez pouvoir","robots":{"index":"index","follow":"follow","max-snippet":"max-snippet:-1","max-image-preview":"max-image-preview:large","max-video-preview":"max-video-preview:-1"},"canonical":"https:\/\/www.nautesdeparis.fr\/boutique\/produit\/paris-la-liberation-en-marche\/","og_locale":"fr_FR","og_type":"article","og_title":"Paris, la Lib\u00e9ration en marche","og_description":"Paris ao\u00fbt 1944 ,\u00a0dans\u00a0les pas de la 2e DB, nouvelle \u00e9dition Ao\u00fbt 1944, la 2e Division blind\u00e9e du g\u00e9n\u00e9ral Leclerc entre dans Paris. Vous allez pouvoir","og_url":"https:\/\/www.nautesdeparis.fr\/boutique\/produit\/paris-la-liberation-en-marche\/","og_site_name":"Boutique en ligne","article_publisher":"https:\/\/www.facebook.com\/pages\/Les-Nautes-de-Paris\/453604271391853","article_modified_time":"2025-06-04T06:15:44+00:00","og_image":[{"width":1024,"height":1024,"url":"https:\/\/www.nautesdeparis.fr\/boutique\/wp-content\/uploads\/2016\/05\/2835-vente-site-1024x1024.jpg","type":"image\/jpeg"}],"twitter_misc":{"Dur\u00e9e de lecture estim\u00e9e":"2 minutes"},"schema":{"@context":"https:\/\/schema.org","@graph":[{"@type":"WebPage","@id":"https:\/\/www.nautesdeparis.fr\/boutique\/produit\/paris-la-liberation-en-marche\/","url":"https:\/\/www.nautesdeparis.fr\/boutique\/produit\/paris-la-liberation-en-marche\/","name":"Paris, la Lib\u00e9ration en marche","isPartOf":{"@id":"https:\/\/www.nautesdeparis.fr\/boutique\/#website"},"datePublished":"2016-05-13T08:13:39+00:00","dateModified":"2025-06-04T06:15:44+00:00","description":"Paris ao\u00fbt 1944 ,\u00a0dans\u00a0les pas de la 2e DB, nouvelle \u00e9dition Ao\u00fbt 1944, la 2e Division blind\u00e9e du g\u00e9n\u00e9ral Leclerc entre dans Paris. Vous allez pouvoir","breadcrumb":{"@id":"https:\/\/www.nautesdeparis.fr\/boutique\/produit\/paris-la-liberation-en-marche\/#breadcrumb"},"inLanguage":"fr-FR","potentialAction":[{"@type":"ReadAction","target":["https:\/\/www.nautesdeparis.fr\/boutique\/produit\/paris-la-liberation-en-marche\/"]}]},{"@type":"BreadcrumbList","@id":"https:\/\/www.nautesdeparis.fr\/boutique\/produit\/paris-la-liberation-en-marche\/#breadcrumb","itemListElement":[{"@type":"ListItem","position":1,"name":"Accueil","item":"https:\/\/www.nautesdeparis.fr\/boutique\/"},{"@type":"ListItem","position":2,"name":"Boutique en ligne","item":"https:\/\/www.nautesdeparis.fr\/boutique\/"},{"@type":"ListItem","position":3,"name":"Paris, la Lib\u00e9ration en marche"}]},{"@type":"WebSite","@id":"https:\/\/www.nautesdeparis.fr\/boutique\/#website","url":"https:\/\/www.nautesdeparis.fr\/boutique\/","name":"Boutique en ligne","description":"La boutique des Nautes de Paris","potentialAction":[{"@type":"SearchAction","target":{"@type":"EntryPoint","urlTemplate":"https:\/\/www.nautesdeparis.fr\/boutique\/?s={search_term_string}"},"query-input":"required name=search_term_string"}],"inLanguage":"fr-FR"}]}},"_links":{"self":[{"href":"https:\/\/www.nautesdeparis.fr\/boutique\/wp-json\/wp\/v2\/product\/3431"}],"collection":[{"href":"https:\/\/www.nautesdeparis.fr\/boutique\/wp-json\/wp\/v2\/product"}],"about":[{"href":"https:\/\/www.nautesdeparis.fr\/boutique\/wp-json\/wp\/v2\/types\/product"}],"replies":[{"embeddable":true,"href":"https:\/\/www.nautesdeparis.fr\/boutique\/wp-json\/wp\/v2\/comments?post=3431"}],"wp:featuredmedia":[{"embeddable":true,"href":"https:\/\/www.nautesdeparis.fr\/boutique\/wp-json\/wp\/v2\/media\/3432"}],"wp:attachment":[{"href":"https:\/\/www.nautesdeparis.fr\/boutique\/wp-json\/wp\/v2\/media?parent=3431"}],"wp:term":[{"taxonomy":"product_cat","embeddable":true,"href":"https:\/\/www.nautesdeparis.fr\/boutique\/wp-json\/wp\/v2\/product_cat?post=3431"},{"taxonomy":"product_tag","embeddable":true,"href":"https:\/\/www.nautesdeparis.fr\/boutique\/wp-json\/wp\/v2\/product_tag?post=3431"}],"curies":[{"name":"wp","href":"https:\/\/api.w.org\/{rel}","templated":true}]}}